{"id":4997,"date":"2024-05-14T19:26:12","date_gmt":"2024-05-14T17:26:12","guid":{"rendered":"https:\/\/www.soundtherm.ch\/referenzen\/house-for-musicians-herrliberg\/"},"modified":"2024-05-14T19:26:12","modified_gmt":"2024-05-14T17:26:12","slug":"house-for-musicians-herrliberg","status":"publish","type":"referenzen","link":"https:\/\/www.soundtherm.ch\/en\/referenzen\/house-for-musicians-herrliberg\/","title":{"rendered":"house for musicians, Herrliberg"},"content":{"rendered":"\n \n\n\n\n\n<section id=\"res-link-anker-block_eab8b5a1623d127a480d15788f1893b2\" class=\"linkanker-section\">\n<div  class=\"res-block res-link-anker style-standard py-2 Transparent \" style=\"background: transparent;\">\n  <div class=\"inner-container container-off\" data-aos=\"res-fadeIn\">\n\t\n\t\t<hr  >\n\t\t\n\t  \n\n\t<\/div>\n  <\/div>\n<\/section>\n\n\n<div class=\"wp-block-columns is-layout-flex wp-container-core-columns-is-layout-1 wp-block-columns-is-layout-flex\">\n<div class=\"wp-block-column is-layout-flow wp-block-column-is-layout-flow\" style=\"flex-basis:40%\">\n\n\n<section id=\"res-txt-block_dda6720b6be6d7fe48443b31d929bbde\" class=\"res-block res-txt style-standard layout01 py-2 Transparent\" style=\"background: transparent;\">\n  <div class=\"inner-container container-off \" data-aos=\"res-fadeIn\">\n \n\t\t  \n\t\t \t  \n      \n      <div class=\"layout-1 txt-section\">\n\t\t<div class=\"row\">\t\n\t\t\t\n\t\t\n\t\t\t<div class=\"col-md-11 var-1spalten text-left\">\n\t\t\t\t\n\t\t\t\t<div class=\"txt-title-field\">\n\t\n\t\t\t\t\t\n\t\t\n\t\t\t\t\n\t\t\t\t\t\n\t\t\t\t\t \n\t\t\t\t\t<\/div>\n\n\t\t\t\t\t\t\t\t\t<div class=\"txt-textfield postContent pt-md-2 \">\n                        <p>Das Haus wird von einer Musikerfamilie als Wohn- und Arbeitsraum, auch f\u00fcr Proben und Auff\u00fchrungen genutzt. Der neue Balkon, die Terrasse und grossz\u00fcgige Lukarne-Fenster fungieren als performative Elemente und bei Gartenkonzerten als kleine B\u00fchnen.<\/p>\n\t\t\t\t\t<\/div>\n                \n                \n\t\t\t\t\t            <\/div>\n\t\t\t\t <\/div> \t\n\t\t<\/div>\n\t \n\t  \n \n \n\t<\/div>\n<\/section>\n\n<\/div>\n\n\n\n<div class=\"wp-block-column is-layout-flow wp-block-column-is-layout-flow\">\n<section id=\"res-table-block_9fbbd45395fe409de3d3e00e31b6ab2f\" class=\"res-block res-table style-standard py-2 Transparent\" style=\"background: transparent;\">\n  <div class=\"inner-container container-off\" data-aos=\"res-fadeIn\">\n\n\t\t  \n\t \n\t  \n   <div class=\"layout-01 row row-cols-1 row-cols-md-2 no-gutters \">\n\n   <!--   Table Row  -->\n     \t \t  \n\t\t\t\t   <div class=\"col\">\n\t\t    <div class=\"table-spalte table-design-custom table-space-custom\">\n\t\t\t   <p>Erstellung<\/p>\n\t\t\t<\/div> \n\t\t  <\/div>\n\t\t\t\n\t  \n           \t  \n\t\t\t\t   <div class=\"col\">\n\t\t    <div class=\"table-spalte table-design-custom table-space-custom\">\n\t\t\t   <p>2023<\/p>\n\t\t\t<\/div> \n\t\t  <\/div>\n\t\t\t\n\t  \n           \t  \n\t\t\t\t   <div class=\"col\">\n\t\t    <div class=\"table-spalte table-design-custom table-space-custom\">\n\t\t\t   <p>Ort<\/p>\n\t\t\t<\/div> \n\t\t  <\/div>\n\t\t\t\n\t  \n           \t  \n\t\t\t\t   <div class=\"col\">\n\t\t    <div class=\"table-spalte table-design-custom table-space-custom\">\n\t\t\t   <p>CH-8704 Herrliberg (ZH)<\/p>\n\t\t\t<\/div> \n\t\t  <\/div>\n\t\t\t\n\t  \n           \t  \n\t\t\t\t   <div class=\"col\">\n\t\t    <div class=\"table-spalte table-design-custom table-space-custom\">\n\t\t\t   <p>Fachgebiete<\/p>\n\t\t\t<\/div> \n\t\t  <\/div>\n\t\t\t\n\t  \n           \t  \n\t\t\t\t   <div class=\"col\">\n\t\t    <div class=\"table-spalte table-design-custom table-space-custom\">\n\t\t\t   <p>Energienachweis, Schallschutznachweis, Brandschutz<\/p>\n\t\t\t<\/div> \n\t\t  <\/div>\n\t\t\t\n\t  \n           \t  \n\t\t\t\t   <div class=\"col\">\n\t\t    <div class=\"table-spalte table-design-custom table-space-custom\">\n\t\t\t   <p>Architekt<\/p>\n\t\t\t<\/div> \n\t\t  <\/div>\n\t\t\t\n\t  \n           \t  \n\t\t\t\t   <div class=\"col\">\n\t\t    <div class=\"table-spalte table-design-custom table-space-custom\">\n\t\t\t   <p>Julien Bellot Architektur, Z\u00fcrich<\/p>\n\t\t\t<\/div> \n\t\t  <\/div>\n\t\t\t\n\t  \n                \t  <\/div> \n\n\t\n\t  \n\t<\/div>\n<\/section>\n\n<\/div>\n<\/div>\n\n\n\n<figure class=\"wp-block-gallery has-nested-images columns-default is-cropped wp-block-gallery-1 is-layout-flex wp-block-gallery-is-layout-flex\">\n<figure class=\"wp-block-image size-full\"><a href=\"https:\/\/www.soundtherm.ch\/wp-content\/uploads\/2024\/05\/1a260649_05.jpg\"><img loading=\"lazy\" decoding=\"async\" width=\"1668\" height=\"2500\" data-id=\"4689\" src=\"https:\/\/www.soundtherm.ch\/wp-content\/uploads\/2024\/05\/1a260649_05.jpg\" alt=\"\" class=\"wp-image-4689\" srcset=\"https:\/\/www.soundtherm.ch\/wp-content\/uploads\/2024\/05\/1a260649_05.jpg 1668w, https:\/\/www.soundtherm.ch\/wp-content\/uploads\/2024\/05\/1a260649_05-400x600.jpg 400w, https:\/\/www.soundtherm.ch\/wp-content\/uploads\/2024\/05\/1a260649_05-867x1300.jpg 867w, https:\/\/www.soundtherm.ch\/wp-content\/uploads\/2024\/05\/1a260649_05-768x1151.jpg 768w, https:\/\/www.soundtherm.ch\/wp-content\/uploads\/2024\/05\/1a260649_05-1025x1536.jpg 1025w, https:\/\/www.soundtherm.ch\/wp-content\/uploads\/2024\/05\/1a260649_05-1366x2048.jpg 1366w\" sizes=\"(max-width: 1668px) 100vw, 1668px\" \/><\/a><\/figure>\n\n\n\n<figure class=\"wp-block-image size-full\"><a href=\"https:\/\/www.soundtherm.ch\/wp-content\/uploads\/2024\/05\/b0ab42fc_06.jpg\"><img loading=\"lazy\" decoding=\"async\" width=\"1471\" height=\"1800\" data-id=\"4690\" src=\"https:\/\/www.soundtherm.ch\/wp-content\/uploads\/2024\/05\/b0ab42fc_06.jpg\" alt=\"\" class=\"wp-image-4690\" srcset=\"https:\/\/www.soundtherm.ch\/wp-content\/uploads\/2024\/05\/b0ab42fc_06.jpg 1471w, https:\/\/www.soundtherm.ch\/wp-content\/uploads\/2024\/05\/b0ab42fc_06-490x600.jpg 490w, https:\/\/www.soundtherm.ch\/wp-content\/uploads\/2024\/05\/b0ab42fc_06-1062x1300.jpg 1062w, https:\/\/www.soundtherm.ch\/wp-content\/uploads\/2024\/05\/b0ab42fc_06-768x940.jpg 768w, https:\/\/www.soundtherm.ch\/wp-content\/uploads\/2024\/05\/b0ab42fc_06-1255x1536.jpg 1255w\" sizes=\"(max-width: 1471px) 100vw, 1471px\" \/><\/a><\/figure>\n\n\n\n<figure class=\"wp-block-image size-full\"><a href=\"https:\/\/www.soundtherm.ch\/wp-content\/uploads\/2024\/05\/27d52bcb_08.jpg\"><img loading=\"lazy\" decoding=\"async\" width=\"1517\" height=\"1800\" data-id=\"4691\" src=\"https:\/\/www.soundtherm.ch\/wp-content\/uploads\/2024\/05\/27d52bcb_08.jpg\" alt=\"\" class=\"wp-image-4691\" srcset=\"https:\/\/www.soundtherm.ch\/wp-content\/uploads\/2024\/05\/27d52bcb_08.jpg 1517w, https:\/\/www.soundtherm.ch\/wp-content\/uploads\/2024\/05\/27d52bcb_08-506x600.jpg 506w, https:\/\/www.soundtherm.ch\/wp-content\/uploads\/2024\/05\/27d52bcb_08-1096x1300.jpg 1096w, https:\/\/www.soundtherm.ch\/wp-content\/uploads\/2024\/05\/27d52bcb_08-768x911.jpg 768w, https:\/\/www.soundtherm.ch\/wp-content\/uploads\/2024\/05\/27d52bcb_08-1295x1536.jpg 1295w\" sizes=\"(max-width: 1517px) 100vw, 1517px\" \/><\/a><\/figure>\n<\/figure>\n","protected":false},"excerpt":{"rendered":"","protected":false},"featured_media":4940,"template":"","Kategorie":[13,9],"class_list":["post-4997","referenzen","type-referenzen","status-publish","has-post-thumbnail","hentry","Kategorie-sanierungen","Kategorie-wohnbauten"],"acf":[],"_links":{"self":[{"href":"https:\/\/www.soundtherm.ch\/en\/wp-json\/wp\/v2\/referenzen\/4997"}],"collection":[{"href":"https:\/\/www.soundtherm.ch\/en\/wp-json\/wp\/v2\/referenzen"}],"about":[{"href":"https:\/\/www.soundtherm.ch\/en\/wp-json\/wp\/v2\/types\/referenzen"}],"wp:featuredmedia":[{"embeddable":true,"href":"https:\/\/www.soundtherm.ch\/en\/wp-json\/wp\/v2\/media\/4940"}],"wp:attachment":[{"href":"https:\/\/www.soundtherm.ch\/en\/wp-json\/wp\/v2\/media?parent=4997"}],"wp:term":[{"taxonomy":"Kategorie","embeddable":true,"href":"https:\/\/www.soundtherm.ch\/en\/wp-json\/wp\/v2\/Kategorie?post=4997"}],"curies":[{"name":"wp","href":"https:\/\/api.w.org\/{rel}","templated":true}]}}