{"id":5001,"date":"2024-03-26T16:43:46","date_gmt":"2024-03-26T15:43:46","guid":{"rendered":"https:\/\/www.soundtherm.ch\/referenzen\/stadtwohnungen-an-der-kinkelstrasse-36-zuerich\/"},"modified":"2024-03-26T16:43:46","modified_gmt":"2024-03-26T15:43:46","slug":"stadtwohnungen-an-der-kinkelstrasse-36-zuerich","status":"publish","type":"referenzen","link":"https:\/\/www.soundtherm.ch\/en\/referenzen\/stadtwohnungen-an-der-kinkelstrasse-36-zuerich\/","title":{"rendered":"Stadtwohnungen an der Kinkelstrasse 36, Z\u00fcrich"},"content":{"rendered":"\n \n\n\n\n\n<section id=\"res-link-anker-block_e2df2143dc6784068dcff8198a01cf96\" class=\"linkanker-section\">\n<div  class=\"res-block res-link-anker style-standard py-2 Transparent \" style=\"background: transparent;\">\n  <div class=\"inner-container container-off\" data-aos=\"res-fadeIn\">\n\t\n\t\t<hr  >\n\t\t\n\t  \n\n\t<\/div>\n  <\/div>\n<\/section>\n\n\n<div class=\"wp-block-columns is-layout-flex wp-container-core-columns-is-layout-1 wp-block-columns-is-layout-flex\">\n<div class=\"wp-block-column is-layout-flow wp-block-column-is-layout-flow\" style=\"flex-basis:40%\">\n\n\n<section id=\"res-txt-block_bd494182e06e954c1b116eb75ad266a2\" class=\"res-block res-txt style-standard layout01 py-2 Transparent\" style=\"background: transparent;\">\n  <div class=\"inner-container container-off \" data-aos=\"res-fadeIn\">\n \n\t\t  \n\t\t \t  \n      \n      <div class=\"layout-1 txt-section\">\n\t\t<div class=\"row\">\t\n\t\t\t\n\t\t\n\t\t\t<div class=\"col-md-12 var-1spalten text-left\">\n\t\t\t\t\n\t\t\t\t<div class=\"txt-title-field\">\n\t\n\t\t\t\t\t\n\t\t\n\t\t\t\t\n\t\t\t\t\t\n\t\t\t\t\t \n\t\t\t\t\t<\/div>\n\n\t\t\t\t\t\t\t\t\t<div class=\"txt-textfield postContent pt-md-0 \">\n                        <p>Die zehn Luxuswohnungen befinden sich in einem Jugendstilhaus aus dem Jahre 1926 an attraktiver und zentraler Lage im Kreis 6 der Stadt Z\u00fcrich. Die edle Liegenschaft wurde zwischen 2021 und Mitte 2023 kernsaniert. Dadurch entstanden moderne, grossz\u00fcgige, luxuri\u00f6se Wohnungen mit herrlicher Sicht \u00fcber die Stadt Z\u00fcrich.<\/p>\n\t\t\t\t\t<\/div>\n                \n                \n\t\t\t\t\t            <\/div>\n\t\t\t\t <\/div> \t\n\t\t<\/div>\n\t \n\t  \n \n \n\t<\/div>\n<\/section>\n\n<\/div>\n\n\n\n<div class=\"wp-block-column is-layout-flow wp-block-column-is-layout-flow\">\n<section id=\"res-table-block_a45b634a104dd1debecf04d125ade609\" class=\"res-block res-table style-standard py-2 Transparent\" style=\"background: transparent;\">\n  <div class=\"inner-container container-off\" data-aos=\"res-fadeIn\">\n\n\t\t  \n\t \n\t  \n   <div class=\"layout-01 row row-cols-1 row-cols-md-2 no-gutters \">\n\n   <!--   Table Row  -->\n     \t \t  \n\t\t\t\t   <div class=\"col\">\n\t\t    <div class=\"table-spalte table-design-custom table-space-custom\">\n\t\t\t   <p>Erstellung<\/p>\n\t\t\t<\/div> \n\t\t  <\/div>\n\t\t\t\n\t  \n           \t  \n\t\t\t\t   <div class=\"col\">\n\t\t    <div class=\"table-spalte table-design-custom table-space-custom\">\n\t\t\t   <p>2023<\/p>\n\t\t\t<\/div> \n\t\t  <\/div>\n\t\t\t\n\t  \n           \t  \n\t\t\t\t   <div class=\"col\">\n\t\t    <div class=\"table-spalte table-design-custom table-space-custom\">\n\t\t\t   <p>Ort<\/p>\n\t\t\t<\/div> \n\t\t  <\/div>\n\t\t\t\n\t  \n           \t  \n\t\t\t\t   <div class=\"col\">\n\t\t    <div class=\"table-spalte table-design-custom table-space-custom\">\n\t\t\t   <p>CH-8001 Z\u00fcrich (ZH)<\/p>\n\t\t\t<\/div> \n\t\t  <\/div>\n\t\t\t\n\t  \n           \t  \n\t\t\t\t   <div class=\"col\">\n\t\t    <div class=\"table-spalte table-design-custom table-space-custom\">\n\t\t\t   <p>Fachgebiete<\/p>\n\t\t\t<\/div> \n\t\t  <\/div>\n\t\t\t\n\t  \n           \t  \n\t\t\t\t   <div class=\"col\">\n\t\t    <div class=\"table-spalte table-design-custom table-space-custom\">\n\t\t\t   <p>Energienachweis, Schallschutznachweis<\/p>\n\t\t\t<\/div> \n\t\t  <\/div>\n\t\t\t\n\t  \n           \t  \n\t\t\t\t   <div class=\"col\">\n\t\t    <div class=\"table-spalte table-design-custom table-space-custom\">\n\t\t\t   <p>Architekt<\/p>\n\t\t\t<\/div> \n\t\t  <\/div>\n\t\t\t\n\t  \n           \t  \n\t\t\t\t   <div class=\"col\">\n\t\t    <div class=\"table-spalte table-design-custom table-space-custom\">\n\t\t\t   <p><a href=\"https:\/\/architextur.ch\/\" target=\"_blank\" rel=\"noopener\">Liggenstorfer Architekten AG<\/a>, Winterthur<\/p>\n\t\t\t<\/div> \n\t\t  <\/div>\n\t\t\t\n\t  \n                \t  <\/div> \n\n\t\n\t  \n\t<\/div>\n<\/section>\n\n<\/div>\n<\/div>\n\n\n\n<figure class=\"wp-block-gallery has-nested-images columns-default is-cropped wp-block-gallery-1 is-layout-flex wp-block-gallery-is-layout-flex\">\n<figure class=\"wp-block-image size-full\"><a href=\"https:\/\/www.soundtherm.ch\/wp-content\/uploads\/2024\/03\/Wohnung50_A.jpg\"><img loading=\"lazy\" decoding=\"async\" width=\"1024\" height=\"682\" data-id=\"4346\" src=\"https:\/\/www.soundtherm.ch\/wp-content\/uploads\/2024\/03\/Wohnung50_A.jpg\" alt=\"\" class=\"wp-image-4346\" srcset=\"https:\/\/www.soundtherm.ch\/wp-content\/uploads\/2024\/03\/Wohnung50_A.jpg 1024w, https:\/\/www.soundtherm.ch\/wp-content\/uploads\/2024\/03\/Wohnung50_A-600x400.jpg 600w, https:\/\/www.soundtherm.ch\/wp-content\/uploads\/2024\/03\/Wohnung50_A-768x512.jpg 768w\" sizes=\"(max-width: 1024px) 100vw, 1024px\" \/><\/a><\/figure>\n\n\n\n<figure class=\"wp-block-image size-full\"><a href=\"https:\/\/www.soundtherm.ch\/wp-content\/uploads\/2024\/03\/Wohnung31_B.jpg\"><img loading=\"lazy\" decoding=\"async\" width=\"1024\" height=\"682\" data-id=\"4345\" src=\"https:\/\/www.soundtherm.ch\/wp-content\/uploads\/2024\/03\/Wohnung31_B.jpg\" alt=\"\" class=\"wp-image-4345\" srcset=\"https:\/\/www.soundtherm.ch\/wp-content\/uploads\/2024\/03\/Wohnung31_B.jpg 1024w, https:\/\/www.soundtherm.ch\/wp-content\/uploads\/2024\/03\/Wohnung31_B-600x400.jpg 600w, https:\/\/www.soundtherm.ch\/wp-content\/uploads\/2024\/03\/Wohnung31_B-768x512.jpg 768w\" sizes=\"(max-width: 1024px) 100vw, 1024px\" \/><\/a><\/figure>\n\n\n\n<figure class=\"wp-block-image size-full\"><a href=\"https:\/\/www.soundtherm.ch\/wp-content\/uploads\/2024\/03\/Wohnung21_A.jpg\"><img loading=\"lazy\" decoding=\"async\" width=\"1024\" height=\"682\" data-id=\"4344\" src=\"https:\/\/www.soundtherm.ch\/wp-content\/uploads\/2024\/03\/Wohnung21_A.jpg\" alt=\"\" class=\"wp-image-4344\" srcset=\"https:\/\/www.soundtherm.ch\/wp-content\/uploads\/2024\/03\/Wohnung21_A.jpg 1024w, https:\/\/www.soundtherm.ch\/wp-content\/uploads\/2024\/03\/Wohnung21_A-600x400.jpg 600w, https:\/\/www.soundtherm.ch\/wp-content\/uploads\/2024\/03\/Wohnung21_A-768x512.jpg 768w\" sizes=\"(max-width: 1024px) 100vw, 1024px\" \/><\/a><\/figure>\n<\/figure>\n","protected":false},"excerpt":{"rendered":"","protected":false},"featured_media":4896,"template":"","Kategorie":[13,9],"class_list":["post-5001","referenzen","type-referenzen","status-publish","has-post-thumbnail","hentry","Kategorie-sanierungen","Kategorie-wohnbauten"],"acf":[],"_links":{"self":[{"href":"https:\/\/www.soundtherm.ch\/en\/wp-json\/wp\/v2\/referenzen\/5001"}],"collection":[{"href":"https:\/\/www.soundtherm.ch\/en\/wp-json\/wp\/v2\/referenzen"}],"about":[{"href":"https:\/\/www.soundtherm.ch\/en\/wp-json\/wp\/v2\/types\/referenzen"}],"wp:featuredmedia":[{"embeddable":true,"href":"https:\/\/www.soundtherm.ch\/en\/wp-json\/wp\/v2\/media\/4896"}],"wp:attachment":[{"href":"https:\/\/www.soundtherm.ch\/en\/wp-json\/wp\/v2\/media?parent=5001"}],"wp:term":[{"taxonomy":"Kategorie","embeddable":true,"href":"https:\/\/www.soundtherm.ch\/en\/wp-json\/wp\/v2\/Kategorie?post=5001"}],"curies":[{"name":"wp","href":"https:\/\/api.w.org\/{rel}","templated":true}]}}